{"id":772,"date":"2015-09-14T12:51:09","date_gmt":"2015-09-14T10:51:09","guid":{"rendered":"http:\/\/www.studiozandegiacomo.it\/it\/?page_id=772"},"modified":"2021-04-17T10:41:52","modified_gmt":"2021-04-17T08:41:52","slug":"privacy","status":"publish","type":"page","link":"https:\/\/www.studiozandegiacomo.it\/it\/privacy\/","title":{"rendered":"Privacy"},"content":{"rendered":"<p style=\"text-align: center;\"><strong>INFORMATIVA RELATIVA AL TRATTAMENTO DEI DATI PERSONALI &#8211; DELL\u2019INTERESSATO (ossia al titolare dei dati personali stessi)<br \/>\nAI SENSI DELL\u2019ART. 13 DEL REGOLAMENTO (UE) 2016\/679 (\u201cGDPR\u201d). <\/strong><\/p>\n<table>\n<tbody>\n<tr>\n<td width=\"100%\"><strong>Informativa Privacy Generale Mod. 1\/10 GIUGNO 2019 <\/strong>\u2013 Per qualsiasi informazioni e\/o esercizio dei diritti si contatti:<strong> info@studiozandegiacomo.it<\/strong><\/td>\n<\/tr>\n<tr>\n<td width=\"100%\">La presente informativa potr\u00e0 subire delle modifiche a seguito dell\u2019introduzione di nuove norme oppure a seguito di nuovi trattamenti che il Titolare del trattamento potrebbe porre in essere. La preghiamo pertanto di visitare periodicamente il sito web <a href=\"http:\/\/www.legalenichele.it\/\">www.<\/a>studiozandegiacomo.it alla sezione \u201cInformativa generale privacy\u201d per gli aggiornamenti.<\/td>\n<\/tr>\n<\/tbody>\n<\/table>\n<p><strong>\u00a0<\/strong><\/p>\n<table>\n<tbody>\n<tr>\n<td width=\"&quot;25%strong\"><strong>TITOLARE DEL TRATTAMENTO<\/strong><\/p>\n<p>art. 24 GDPR<\/td>\n<td width=\"100%\">Il seguente soggetto \u00e8 colui che determina le finalit\u00e0 e i mezzi del trattamento, vigila sulla sicurezza dei dati e riscontra alle richieste di chiarimenti e\/o esercizio dei diritti dell\u2019interessato: <strong>Dott. ZANDEGIACOMO MISTROTIONE ROBERTO<\/strong> &#8211; Via Col Moschin n\u00b04, 35143 Padova Cod. Fisc. ZNDRRT70C09G224W &#8211; Partita IVA 03664040288 (d\u2019ora in avanti \u201cTitolare del trattamento\u201d oppure \u201cTitolare\u201d).<\/td>\n<\/tr>\n<tr>\n<td width=\"25%\"><strong>RESPONSABILE DEL TRATTAMENTO<\/strong><\/p>\n<p>art. 28 GDPR<\/td>\n<td width=\"100%\">I seguenti soggetti sono coloro che svolgono, per conto del Titolare, taluni trattamenti:<\/p>\n<p><u>Commercialista<\/u>, il quale potrebbe trattare dati anagrafici dell\u2019interessato per fini di natura fiscale e contabile:<\/p>\n<p><u>Societ\u00e0 informatica<\/u>, la quale potrebbe trattare dati anagrafici dell\u2019interessato al momento dell\u2019assistenza, manutenzione e aggiornamento dei sistemi informatici;<\/p>\n<p><u>Collaboratori esterni,<\/u> i quali al momento dell\u2019espletamento dell\u2019incarico potrebbero trattare i dati dell\u2019interessato.<\/p>\n<p>Tutti i soggetti suddetti hanno garantito adeguate misure di sicurezza per la protezione dei dati. L\u2019elenco aggiornato dei Responsabili del trattamento potr\u00e0 essere richiesto in ogni momento contattando il seguente indirizzo email: <strong><a href=\"mailto:info@studiozandegiacomo.it\">info@studiozandegiacomo.it<\/a><\/strong><\/td>\n<\/tr>\n<tr>\n<td width=\"25%\"><strong>SOGGETTI INCARICATI\/AUTORIZZATI<\/strong><\/p>\n<p>art. 29 GDPR<\/td>\n<td width=\"100%\">Ai seguenti soggetti vengono comunicati i dati in quanto svolgono, sotto la direzione e il controllo del Titolare, il trattamento di taluni dati: persone fisiche autorizzate (non dipendenti). Tali soggetti hanno ricevuto adeguate istruzioni operative (per esempio, gestione dati sensibili, gestione sistemi informatici, \u201cdata breach\u201d, altro). Per maggiori informazioni su tali soggetti, si contatti l\u2019indirizzo email: <strong><a href=\"mailto:info@studiozandegiacomo.it\">info@studiozandegiacomo.it<\/a><\/strong><\/td>\n<\/tr>\n<tr>\n<td width=\"25%\"><strong>COMUNICAZIONE AD ALTRI SOGGETTI<\/strong><\/p>\n<p>art. 13 par. 2 lett. e) GDPR<\/p>\n<p><strong>\u00a0<\/strong><\/td>\n<td width=\"368\">Ai seguenti soggetti potrebbero essere comunicati i dati per ottemperare ad obblighi contrattuali oppure di legge: ad istituti bancari (per esempio) per l\u2019adempimento degli obblighi di pagamento scaturenti dal contratto; ad istituti assicurativi nel caso di infortuni\/sinistri anche di natura professionale; ad enti pubblici, ove richiesto dalla legge; ad Avvocati, Forze dell\u2019ordine, Autorit\u00e0 giudiziaria (per esempio) nel caso di compimento di illeciti, inadempienze contrattuali, altro fatto giuridicamente rilevante causato dall\u2019interessato oppure dal Titolare. In ogni caso, i dati forniti saranno comunicati ai soggetti gi\u00e0 autorizzati dal Titolare oppure ai soggetti formalmente nominati come Responsabili del Trattamento.<\/td>\n<\/tr>\n<\/tbody>\n<\/table>\n<p><strong>\u00a0<\/strong><\/p>\n<p><strong>\u00a0<\/strong><\/p>\n<table>\n<tbody>\n<tr>\n<td colspan=\"2\" width=\"33%\"><strong>FINALIT\u00c0 DEL<br \/>\nTRATTAMENTO<\/strong>art. 13 par. 1 lett. c) GDPR<\/td>\n<td width=\"33%\"><strong>BASE GIURIDICA DEL<br \/>\nTRATTAMENTO<\/strong>art. 13 par. 1 lett. c) GDPR<\/td>\n<td colspan=\"3\" width=\"33%\"><strong>PERIODO DI CONSERVAZIONE DEI DATI<\/strong><\/p>\n<p>art. 13 par. 2 lett. a) GDPR<\/td>\n<\/tr>\n<tr>\n<td colspan=\"2\" width=\"33%\"><u>Per quali motivi\/fini il Titolare tratta i dati dell\u2019interessato?<\/u><\/td>\n<td width=\"33%\"><u>Che cosa giustifica tale trattamento?<\/u><\/td>\n<td colspan=\"3\" width=\"33%\"><u>Per quanto tempo il Titolare conserver\u00e0 i dati dell\u2019interessato?<\/u><\/td>\n<\/tr>\n<tr>\n<td style=\"text-align: center;\" colspan=\"5\" width=\"483\">&nbsp;<\/p>\n<p><strong>TRATTAMENTI NEI CONFRONTI DEI CLIENTI<\/strong><\/td>\n<td width=\"1\"><\/td>\n<\/tr>\n<tr>\n<td width=\"161\"><strong>Preventivi, stipula ed<br \/>\nesecuzione del contratto<\/strong>I dati forniti dal Cliente saranno utilizzati per la predisposizione del preventivo, per la stesura dei contratti, per l\u2019esecuzione degli stessi, per l\u2019inserimento nelle anagrafiche nei database informatici, per l\u2019emissione di documenti fiscali\u00a0\u00a0 nonch\u00e9 per l\u2019osservanza e adempimento di ogni altro aspetto relativo al rapporto di natura contrattuale. Per esempio, i dati forniti dal Cliente saranno trattati per contattare il Cliente via telefono\/email\/pec, per predisporre tutta la documentazione necessaria per l\u2019esecuzione del contratto, per svolgere ogni altro adempimento connesso al rapporto pre \u2013 contrattuale o contrattuale in essere.&nbsp;<\/td>\n<td colspan=\"3\" width=\"161\">I dati forniti dal Cliente (come nome, cognome, telefono, email, ragione sociale, sede legale, partita iva, altro diverso dai dati \u201csensibili\u201d elencati all\u2019art. 9 par. 1 del GDPR) saranno trattati sulla base dell\u2019art. 6 par. 1 lett. b) del GDPR ossia per l\u2019esecuzioni di misure precontrattuali o contrattuali adottate su richiesta dell\u2019interessato stesso.<\/td>\n<td width=\"162\">Nel caso di preventivi non accettati, i dati saranno immediatamente cancellati solo nel caso di oggettivo disinteresse dell\u2019interessato circa la protrazione del rapporto; negli altri casi, i dati saranno conservati fino a quando l\u2019interessato manifester\u00e0 interesse a rimanere in contatto con il Titolare, per la stipula di eventuali contratti futuri.<\/p>\n<p>Invece, salvo quanto si dir\u00e0 in merito al trattamento con finalit\u00e0 di \u201cAccertamento, esercizio o difesa dei diritti\u201d, nel caso di stipulazione del contratto, il Titolare conserva i dati conferiti per il periodo massimo di 10 anni dalla cessazione del contratto con il Cliente e ci\u00f2 per esigenze di natura fiscale, contabili e legali cui il Titolare \u00e8 sottoposto per legge.<\/td>\n<td width=\"1\"><\/td>\n<\/tr>\n<tr>\n<td width=\"161\"><strong>Rapporti di cortesia.<\/strong><\/p>\n<p>Nel caso di instaurazione del rapporto contrattuale ed esclusivamente nei casi in cui si instaurasse un rapporto fidelizzato tra le parti, il Titolare user\u00e0 i dati del Cliente anche per inviargli delle comunicazioni di auguri in prossimit\u00e0 delle feste, inviati ad eventi, altro di natura di cortesia.<\/td>\n<td colspan=\"3\" width=\"161\">I dati utilizzati per tale fine saranno trattati sulla base del Legittimo interesse del Titolare (art. 6 par. 1 lett. F GDPR) giacch\u00e9 il Cliente si pu\u00f2 aspettare un trattamento come quello in oggetto (visto il rapporto di fidelizzazione) e ci\u00f2 non incide nei diritti e nelle libert\u00e0 dell\u2019interessato.<\/td>\n<td width=\"162\">I dati conferiti per tale trattamento saranno conservati fino a quando il Cliente non si opporr\u00e0 ex art. 21 GDPR al trattamento stesso. L\u2019opposizione potr\u00e0 essere fatta valere fin da subito, ossia dalla stipulazione del contratto.<\/td>\n<td width=\"1\"><\/td>\n<\/tr>\n<tr>\n<td style=\"text-align: center;\" colspan=\"5\" width=\"483\">&nbsp;<\/p>\n<p><strong>TRATTAMENTI NEI CONFRONTI DEI FORNITORI<\/strong><\/td>\n<td width=\"1\"><\/td>\n<\/tr>\n<tr>\n<td width=\"161\"><strong>Preventivi, stipula ed<br \/>\nesecuzione del contratto.<\/strong>I dati conferiti dal fornitore saranno trattati per valutare l\u2019opportunit\u00e0 di stipulazione del contratto oppure per la stipula del contratto di fornitura del servizio. Il Titolare utilizzer\u00e0 i dati conferiti per contattare telefonicamente il fornitore, per inviargli messaggi via email oppure mediante altro sistema, per svolgere ogni altro adempimento\/attivit\u00e0 collegati al contratto.<\/td>\n<td colspan=\"3\" width=\"161\">I dati del fornitore del Titolare (come nome, cognome, indirizzo, sede legale, partita iva, sede legale) saranno trattati sulla base dell\u2019art. 6 par. 1 lett. b) GDPR ossia per l\u2019esecuzioni di misure precontrattuali o contrattuali adottate su richiesta del Cliente stesso.<\/td>\n<td width=\"162\">Nel caso di mancata accettazione del preventivo presentato dal fornitore, i suoi dati saranno conservati per massimo un anno e ci\u00f2 per valutare l\u2019opportunit\u00e0 di stipulare in un secondo momento il contratto.<\/p>\n<p>Invece nel caso di stipula del contratto, i dati saranno conservati per il periodo massimo di 10 anni dalla cessazione degli effetti del contratto e ci\u00f2 per esigenze fiscali, contabili, legali cui il Titolare \u00e8 sottoposto per legge.<\/td>\n<td width=\"1\"><\/td>\n<\/tr>\n<tr>\n<td style=\"text-align: center;\" colspan=\"5\" width=\"483\">&nbsp;<\/p>\n<p><strong>TRATTAMENTI NEI CONFRONTI DEI CLIENTI E FORNITORI<\/strong><\/td>\n<td width=\"1\"><\/td>\n<\/tr>\n<tr>\n<td width=\"161\"><strong>Obblighi legislativi<\/strong><\/p>\n<p>I dati forniti dall\u2019interessato saranno utilizzati per l\u2019adempimento di obblighi legislativi (per esempio di natura fiscale e\/o contabile) previsti dalla normativa nazionale, europea oppure sovranazionale.<\/td>\n<td colspan=\"3\" width=\"161\">Ci\u00f2 che legittima tale trattamento di dati \u00e8 l\u2019adempimento di un obbligo legale al quale \u00e8 soggetto il Titolare del trattamento (art. 6 par. 1 lett. c) GDPR).<\/td>\n<td width=\"162\">Il termini di conservazione dipendente alla norma applicata dal Titolare al momento del trattamento.<\/td>\n<td width=\"1\"><\/td>\n<\/tr>\n<tr>\n<td width=\"161\"><strong>Accertamento, esercizio o difesa dei diritti<\/strong><\/p>\n<p>I dati forniti dall\u2019interessato saranno trattati, se necessario, anche per l\u2019<strong>accertamento<\/strong>, <strong>esercizio o difesa dei diritti<\/strong> del Titolare in sede giudiziaria.<\/td>\n<td colspan=\"3\" width=\"161\">Ci\u00f2 che legittima tale trattamento \u00e8 l\u2019interesse legittimo del Titolare (art. 6 par. 1 lett. f) GDPR). In effetti, se dovesse sorgere una controversia\/lite\/vertenza tra l\u2019interessato e il Titolare, quest\u2019ultimo sar\u00f2 legittimato a trattare i dati dell\u2019interessato per far valere le proprie ragioni.<\/td>\n<td width=\"162\">Il Titolare conserva i dati dell\u2019interessato per tale fine solo se vi sia una ragionevole probabilit\u00e0 di dover agire giudizialmente.<\/td>\n<td width=\"1\"><\/td>\n<\/tr>\n<tr>\n<td style=\"text-align: center;\" colspan=\"5\" width=\"483\">&nbsp;<\/p>\n<p><strong>TRATTAMENTI NEI CONFRONTI DEI CLIENTI, FORNITORI E TERZI<\/strong><\/td>\n<td width=\"1\"><\/td>\n<\/tr>\n<tr>\n<td width=\"161\"><strong>Invio di \u201cNewsletter\u201d oppure di comunicazioni sul \u201cMarketing\u201d<\/strong><\/p>\n<p>i) I dati conferiti saranno trattati anche per l\u2019invio di materiale pubblicitario o comunicazioni commerciali, di offerte e promozioni, di vendita diretta, oppure per il compimento di ricerche di mercato o di sondaggi di opinione (d\u2019ora in poi definite, nel complesso, come comunicazioni per il \u201cMarketing\u201d), oppure per l\u2019invio di notizie e aggiornamenti relativi al settore del diritto privacy\/penale (d\u2019ora in poi definite, nel complesso, come \u201cNewsletter\u201d).<\/p>\n<p><strong>Altre forme di pubblicit\u00e0:<\/strong><\/p>\n<p>ii) Il Titolare del trattamento dispone di una Pagina Facebook e utilizza una specifica funzione per monitorare le visite e le interazioni delle persone con la Pagina. Tale sistema offre dati aggregati utili per capire come le persone interagiscono con la Pagina, e &#8211; in tale circostanza &#8211; il Titolare agisce come contitolare del trattamento congiuntamente a \u201cFacebook Ireland Linited\u201d. Accedendo alla Pagina Facebook \u201cLegale Nichele\u201d, l\u2019interessato presta il suo consenso al trattamento dei dati anche da parte del presente Titolare. Per maggiori informazioni sull\u2019accordo tra i due contitolari del trattamento si veda: <a href=\"https:\/\/www.facebook.com\/legal\/terms\/page_controller_addendum\" target=\"_blank\">https:\/\/www.facebook.com\/legal\/terms\/page_controller_addendum<\/a>;<\/p>\n<p>iii) Accendendo al sito web del Titolare \u2013 e prestando l\u2019apposito consenso \u2013 l\u2019interessato potrebbe ricevere pubblicit\u00e0 mirata attraverso specifici sistemi automatizzati: per maggiori informazione su tale tipo di trattamento si veda l\u2019informativa apposita (\u201cInformativa cookie\u201d) pubblicata sul sito web segnalato in epigrafe. Con la presente informativa, invece, s\u2019intende informare l\u2019interessato \u2013 gi\u00e0 iscritto a determinati social network &#8211; che esso potrebbe essere \u201craggiunto\u201d da messaggi pubblicitari del Titolare mediante \u201cCampagne Social\u201d. In tali circostanze trova applicazione l\u2019Informativa per la protezione dei dati del social network di riferimento, pertanto si consiglia all\u2019interessato di prenderne visione (per esempio, Informativa privacy di Facebook oppure di Instagram).<\/td>\n<td colspan=\"3\" width=\"161\"><strong>La base giuridica risiede:<\/strong><\/p>\n<p>1) nel consenso (facoltativo) ex art. 6 par. 1 lett. a) GDPR dell\u2019interessato. Si precisa che il consenso raccolto per lo svolgimento dei trattamenti con \u201csistemi automatizzati\u201d legittima il Titolare ad utilizzare gli stessi dati anche per l\u2019effettuazione delle comunicazione mediante i \u201csistemi tradizionali\u201d (si veda voce \u201cModalit\u00e0 del trattamento\u201d);<\/p>\n<p>2) nell\u2019art. 130 comma 4 nuovo Codice della Privacy, ma solo nel caso di trattamenti via posta elettronica per l\u2019invio di comunicazioni aventi ad oggetto servizi analoghi a quelli gi\u00e0 \u201cvenduti\u201d al Cliente;<\/p>\n<p>3) nel legittimo interesse ex art. 6 par. 1 lett. f) (in combinazione con il Considerando n. 47 GDPR) quando l\u2019interessato si aspetta tale trattamento da parte del Titolare e ci\u00f2 non lede i suoi diritti e libert\u00e0.<\/p>\n<p>&nbsp;<\/td>\n<td width=\"162\">1) Nel caso di consenso, i dati saranno conservati per tale finalit\u00e0 fino alla revoca del consenso di cui all\u2019art. 7 GDPR. La revoca del consenso non pregiudica la liceit\u00e0 del trattamento basata sul consenso prima della revoca;<\/p>\n<p>2) \u2013 3) invece, nel caso di trattamento svolto ai sensi dell\u2019art. 130 comma 4 nuovo Codice della privacy e art. 6 par. 1 lett. f) i dati saranno conservati per tale finalit\u00e0 fino all\u2019opposizione ex art. 21 GDPR da parte dell\u2019interessato, da far valere fin dall\u2019inizio del trattamento o nel corso della sua protrazione.<\/p>\n<p>&nbsp;<\/p>\n<p>In ogni caso, l\u2019interessato ha il diritto di opporsi a qualsiasi modalit\u00e0 di trattamento non desiderata (per esempio, manifestando la propria volont\u00e0 di voler ricevere solo comunicazioni via email).<\/td>\n<td width=\"1\"><\/td>\n<\/tr>\n<tr>\n<td colspan=\"5\" width=\"483\"><strong>Sito web<\/strong><\/p>\n<p>Il sito web del Titolare prevede l\u2019utilizzo di form di raccolta dati, eventuali sistemi di embed, cookie che determinano il trattamento dei dati personali degli utenti. Per maggiori informazioni, si veda l\u2019Informativa sulla privacy del sito e l\u2019informativa sui cookie pubblicate nel sito web suddetto.<\/td>\n<td width=\"1\"><\/td>\n<\/tr>\n<tr>\n<td style=\"text-align: center;\" colspan=\"5\" width=\"483\">&nbsp;<\/p>\n<p><strong>TRATTAMENTI NEI CONFRONTI DEI CANDIDATI<\/strong><\/td>\n<td width=\"1\"><\/td>\n<\/tr>\n<tr>\n<td width=\"161\"><strong>Vaglio del profilo professionale per fini di assunzione<\/strong><\/p>\n<p>I seguenti dati saranno trattati dal Titolare per vagliare il profilo professionale del candidato in vista della sua assunzione: nome, cognome, email, telefono, percorso formativo, codice fiscale, altri dati anche riferibili a minori di et\u00e0 se il candidato ha meno di 18 anni. Si consiglia all\u2019interessato di non indicare dati di \u201cnatura sensibile\u201d (quelli elencati agli art. 9 del Reg.Ue 679\/2016, come, per esempio dati sanitari, dati relativi orientamento politico, condanne penali, altro), a meno che ci\u00f2 non sia strettamente necessario. Non verranno in alcun modo trattati dati di natura giudiziaria (art. 10 GDPR), pertanto l\u2019interessato \u00e8 obbligato a non fornirli.<\/p>\n<p>Nel caso il candidato fornisse il proprio \u201cprofilo <u>pubblico<\/u> di social network\u201d (come quello di Facebook, Instagram, Linkedin, altro), i dati in esso inseriti verranno trattati dal Titolare solo laddove fossero necessari e rilevanti per l\u2019esecuzione della prestazione lavorativa cui la domanda del candidato \u00e8 rivolta (esempio: se il candidato si propone come social media manager e possiede un profilo-social utile a promuovere le proprie attitudini\/capacit\u00e0, allora il Titolare potr\u00e0 trattare lecitamente i dati suddetti). Nessun profilo-social (neppure pubblico) utilizzato dall\u2019interessato per mere finalit\u00e0 private verr\u00e0 considerato dal Titolare, pertanto si prega l\u2019interessato di non inserire tale informazione nel proprio CV.<\/td>\n<td colspan=\"3\" width=\"161\">Il trattamento \u00e8 lecito in quanto svolto per l\u2019esecuzione di misure precontrattuali adottate su richiesta dell\u2019interessato (ex art. 6 par. 1 lett. b) GDPR). In effetti, l\u2019invio del proprio CV o di altri dati attinenti la sfera professionale\/lavorativa \u2013 e il successivo vaglio del profilo da parte del Titolare \u2013 ha lo scopo di determinare o meno l\u2019instaurazione del rapporto di lavoro. Ad ogni modo, il consenso in calce al CV dovr\u00e0 essere rilasciato nel caso in cui l\u2019interessato decidesse di fornire al Titolare anche dati di \u201cnatura sensibile\u201d. (\u201cPresto il mio esplicito consenso al trattamento dei dati \u201csensibili\u201dche fornisco mediante il presente CV\u201d, con indicazione della data e della Sua firma).<\/p>\n<p>&nbsp;<\/p>\n<p><u>Ad integrazione delle regole generali sulle comunicazioni a terzi:<\/u> se il CV venisse inviato spontaneamente dall\u2019interessato, allora i suoi dati personali non verranno comunicati a terzi.<\/p>\n<p>Invece, nel caso in cui il CV fosse inviato dall\u2019interessato a seguito del riscontro ad un annuncio di lavoro pubblicato dal Titolare mediante sito web di societ\u00e0 terza o mediante l\u2019ausilio di agenzie di collocamento, allora tali societ\u00e0 terze potrebbero trattare i dati del candidato. All\u2019occorrenza, tali soggetti terzi, verranno incaricati e istruiti per trattare con cura i dati del candidato.<\/td>\n<td width=\"162\">Il periodo di conservazione dipende dall\u2019instaurazione o meno del rapporto di lavoro. Infatti, nel caso in cui il Titolare del trattamento non fosse interessato al profilo, provveder\u00e0 a cancellare immediatamente i dati del candidato. Invece, nel caso di profili interessanti ma non necessari al momento della presentazione, il Titolare conserver\u00e0 i dati per il periodo massimo di 15 mesi. Infine, nel caso di stipulazione del contratto di lavoro con il candidato, il Titolare del trattamento conserver\u00e0 i dati del nuovo dipendente secondo quanto stabilito della \u201cInformativa per i dipendenti\u201d che verr\u00e0 all\u2019uopo fornita.<\/td>\n<td width=\"1\"><\/td>\n<\/tr>\n<tr>\n<td width=\"235\"><\/td>\n<td width=\"1\"><\/td>\n<td width=\"159\"><\/td>\n<td width=\"1\"><\/td>\n<td width=\"162\"><\/td>\n<td width=\"1\"><\/td>\n<\/tr>\n<\/tbody>\n<\/table>\n<p>&nbsp;<\/p>\n<p><strong>\u00a0<\/strong><\/p>\n<table>\n<tbody>\n<tr>\n<td width=\"33%\"><strong>ELENCO DEI<br \/>\nTRATTAMENTO<\/strong><\/td>\n<td width=\"33%\"><strong>MODALIT\u00c0 DEL TRATTAMENTO<\/strong><\/p>\n<p>art. 13 GDPR<\/td>\n<td width=\"33%\"><strong>OBBLIGATORIET\u00c0 DEL CONFERIMENTO<\/strong><\/p>\n<p>art. 13 par. 2 lett. e)<\/td>\n<\/tr>\n<tr>\n<td width=\"33%\"><\/td>\n<td width=\"33%\"><u>Con quali sistemi il Titolare <\/u><\/p>\n<p><u>svolge tale trattamento?<\/u><\/td>\n<td width=\"33%\"><u>L\u2019interessato \u00e8 obbligato a fornire i propri dati al Titolare? Conseguenze in caso di mancato conferimento.<\/u><\/td>\n<\/tr>\n<tr>\n<td width=\"33%\"><strong>Preventivi, stipula ed<br \/>\nesecuzione del contratto.<\/strong><\/td>\n<td width=\"33%\">Trattamenti svolti mediante sistemi informatici (per esempio con uso della email, pec, piattaforma telematica, sistemi gestionali, altro) e sistemi cartacei (per esempio, mediante stampa dei documenti, posta cartacea, altro).<\/td>\n<td width=\"33%\">L\u2019interessato non \u00e8 obbligato a fornire i dati, pur tuttavia il mancato conferimento comporta l\u2019impossibilit\u00e0 di stipula del contratto con il Titolare.<\/td>\n<\/tr>\n<tr>\n<td width=\"33%\"><strong>Obblighi legislativi.<\/strong><\/td>\n<td width=\"33%\">Il sistema dipende dagli obblighi di legge; in effetti, \u00e8 talvolta la disciplina legislativa che prevede le modalit\u00e0 di svolgimento del trattamento (vedi, per esempio, sulla fatturazione elettronica).<\/td>\n<td width=\"33%\">Nessun rilievo.<\/td>\n<\/tr>\n<tr>\n<td width=\"33%\"><strong>Accertamento, esercizio o difesa dei diritti.<\/strong><\/td>\n<td width=\"33%\">Trattamenti svolti mediante sistemi informatici (per esempio con \u00a0 uso della email, pec, piattaforma telematica, sistemi gestionali, altro) e sistemi cartacei (per esempio, mediante stampa dei documenti, posta cartacea, altro). Talvolta, il sistema dipende dagli obblighi di legge (vedi Processo Civile Telematico).<\/td>\n<td width=\"33%\">Nessun rilievo.<\/td>\n<\/tr>\n<tr>\n<td width=\"33%\"><strong>Invio di \u201cNewsletter\u201d oppure di comunicazioni sul \u201cMarketing\u201d.<\/strong><\/p>\n<p><strong>\u00a0<\/strong><\/p>\n<p><strong>\u00a0<\/strong><\/p>\n<p><strong>\u00a0<\/strong><\/p>\n<p><strong>\u00a0<\/strong><\/p>\n<p><strong>\u00a0<\/strong><\/p>\n<p><strong>\u00a0<\/strong><\/p>\n<p><strong>\u00a0<\/strong><\/p>\n<p><strong>\u00a0<\/strong><\/p>\n<p><strong>\u00a0<\/strong><\/p>\n<p><strong>\u00a0<\/strong><\/p>\n<p><strong>\u00a0<\/strong><\/p>\n<p><strong>\u00a0<\/strong><\/p>\n<p><strong>\u00a0<\/strong><\/p>\n<p><strong>Altre forme di pubblicit\u00e0:<\/strong><\/td>\n<td width=\"33%\">Le <strong>comunicazioni aventi ad oggetto \u201cNewsletter\u201d oppure il \u201cmarketing\u201d sono effettuate t<\/strong>ramite sistemi \u201cautomatizzati\u201d (come, per esempio, mediante email, fax, sms, chiamate telefoniche senza l\u2019ausilio di un operatore, social network, applicazioni interattive, notifiche push) e mediante sistemi \u201ctradizionali\u201d (come, per esempio, tramite posta cartacea e\/o chiamate con operatore). Si precisa che il consenso raccolto per lo svolgimento dei trattamenti con \u201csistemi automatizzati\u201d legittima il Titolare ad utilizzare gli stessi dati anche per l\u2019effettuazione delle comunicazione mediante i \u201csistemi tradizionali\u201d. In ogni caso, l\u2019interessato ha il diritto di opporsi a qualsiasi modalit\u00e0 di trattamento non desiderata (per esempio, manifestando la propria volont\u00e0 di voler ricevere solo comunicazioni via email).<\/p>\n<p>&nbsp;<\/p>\n<p>Il trattamento \u00e8 svolto mediante sistemi informatici, programmi, software.<\/td>\n<td width=\"33%\">Il conferimento di dati personali per tale finalit\u00e0 non \u00e8 obbligatorio, pur tuttavia: nel caso di mancato conferimento di dati per ricevere comunicazioni sul marketing, l\u2019interessato non potr\u00e0 raccogliere maggiori informazioni sull\u2019attivit\u00e0 e i servizi che svolge il Titolare, altro; invece, nel caso di mancato conferimento di dati per ricevere le newsletter, l\u2019interessato non potr\u00e0 conoscere notizie e informazioni riguardanti il settore del diritto del lavoro.<\/p>\n<p>&nbsp;<\/p>\n<p>&nbsp;<\/p>\n<p>&nbsp;<\/p>\n<p>&nbsp;<\/p>\n<p>&nbsp;<\/p>\n<p>&nbsp;<\/p>\n<p>Il conferimento dei dati non \u00e8 obbligatorio, tuttavia il mancato conferimento non permette all\u2019interessato di conoscere notizie\/informazioni attinenti il mondo del diritto del lavoro.<\/td>\n<\/tr>\n<tr>\n<td width=\"33%\"><strong>Vaglio del profilo professionale per fini di assunzione.<\/strong><\/td>\n<td width=\"33%\">Tale trattamento \u00e8 svolto con sistemi informatici (email, utilizzo del personal computer e altri sistemi di gestione, altro) e cartacei (con stampa del CV).<\/td>\n<td width=\"33%\">Il conferimento di tali dati non \u00e8 obbligatorio, tuttavia l\u2019omissione di tutti ovvero anche solo di alcuni dei dati suddetti non permette al Titolare di vagliare la proposta proveniente dal candidato.<\/td>\n<\/tr>\n<\/tbody>\n<\/table>\n<p><strong>\u00a0<\/strong><\/p>\n<p><strong>\u00a0<\/strong><\/p>\n<table>\n<tbody>\n<tr>\n<td width=\"33%\"><strong>TRASFERIMENTO DEI DATI IN PAESI NON APPARTENENTI ALL\u2019UNIONE EUROPEA OPPURE AD ORGANIZZAZIONI INTERNAZIONALI<\/strong><\/p>\n<p>art. 13 par. 1 lett. f).<\/p>\n<p>&nbsp;<\/p>\n<p><u>\u00a0<\/u><\/p>\n<p><u>\u00a0<\/u><\/p>\n<p><u>Una volta conferiti i dati, il Titolare<\/u><\/p>\n<p><u>intende \u201cspostarli\u201d altrove?<\/u><\/p>\n<p>&nbsp;<\/td>\n<td width=\"33%\">Nessun dato verr\u00e0 diffuso e il Titolare del trattamento s\u2019impegna a non trasferire dati del Cliente al di fuori del territorio dell\u2019Unione Europa. In ogni caso, se un trasferimento dovesse essere svolto (per esempio, per l\u2019espletamento di un servizio a favore dell\u2019interessato), ci\u00f2 potr\u00e0 avvenire solo con le garanzie previste della legge, quindi sulla base di una decisione di adeguatezza adottata dalla Commissione Europea, oppure con le tutele previste dal nuovo Regolamento Europeo (come la presenza di norme vincolanti per l\u2019impresa), oppure &#8211; in mancanza delle suddette condizioni &#8211; con il consenso dell\u2019interessato, oppure nell\u2019ambito di un contratto tra l\u2019interessato e il Titolare, oppure nell\u2019ambito di un contratto tra i Titolare e un terzo per svolgere un servizio a favore dell\u2019interessato stesso.<\/td>\n<\/tr>\n<\/tbody>\n<\/table>\n<p><strong>\u00a0<\/strong><\/p>\n<p><strong>\u00a0<\/strong><\/p>\n<table>\n<tbody>\n<tr>\n<td width=\"100%\"><strong>DIRITTI DELL\u2019INTERESSATO \u2013 RECLAMO ALL\u2019AUTORITA\u2019 DI CONTROLLO<\/strong><\/p>\n<p><u>Quali sono i diritti del Cliente che ha conferito i propri dati al Titolare del trattamento?<\/u><\/td>\n<\/tr>\n<tr>\n<td width=\"100%\">L\u2019interessato \u2013 ossia colui che mette a disposizione del Titolare del trattamento i propri dati personali &#8211; \u00e8 titolare dei seguenti diritti: &#8211; il <strong>diritto <\/strong>dell\u2019interessato di chiedere al titolare l\u2019<strong>accesso<\/strong> ai dati personali, ossia di sapere quali dati tratta il titolare (art. 15 GDPR);<\/p>\n<p>&#8211; il diritto ad ottenere la <strong>rettifica, <\/strong>ossia il diritto di far modificare i propri dati qualora siano cambiati (art. 16 GDPR);<\/p>\n<p>&#8211; il diritto alla <strong>limitazione <\/strong>del trattamento che lo riguardino, ossia di limitare l&#8217;uso dei dati da parte del titolare del trattamento (art. 18 GDPR);<\/p>\n<p><strong>&#8211; <\/strong>il diritto di <strong>opporsi<\/strong>, per motivi legittimi, al loro trattamento (art. 21 GDPR);<\/p>\n<p>&#8211; il diritto alla <strong>portabilit\u00e0 <\/strong>dei dati ossia il diritto a ricevere tutti i dati personali trattati dal titolare in un formato strutturato e leggibile su supporto informatico (art. 20 GDPR);<\/p>\n<p>&#8211; il diritto a chiedere la <strong>cancellazione <\/strong>dei propri dati al titolare (art. 17 GDPR);<\/p>\n<p>&#8211; il diritto di <strong>revocare<\/strong> in qualsiasi momento il consenso esplicito precedentemente prestato, senza pregiudicare la liceit\u00e0 del trattamento posto in essere fino a quel momento (art. 7 \u2013 13 GDPR);<\/p>\n<p>&#8211; il diritto di proporre <strong>reclamo<\/strong> presso il Garante per la Protezione dei dati personali nel caso di violazioni della normativa (art. 77 GDPR).<\/p>\n<p>Le richieste possono essere indirizzate al Titolare del trattamento, senza formalit\u00e0, al seguente indirizzo: <strong>info@studiozandegiacomo.it<\/strong><\/td>\n<\/tr>\n<\/tbody>\n<\/table>\n<p><strong>\u00a0<\/strong><\/p>\n<p><strong>\u00a0<\/strong><\/p>\n<table>\n<tbody>\n<tr>\n<td width=\"100%\"><strong>MODULO RACCOLTA FIRME<\/strong><\/p>\n<p><strong>Titolare del trattamento: <\/strong>Dott. ZANDEGIACOMO MISTROTIONE ROBERTO &#8211; Via Col Moschin n\u00b04, 35143 Padova Cod. Fisc. ZNDRRT70C09G224W &#8211; Partita IVA 03664040288<\/td>\n<\/tr>\n<\/tbody>\n<\/table>\n<p><strong>\u00a0<\/strong><\/p>\n<table>\n<tbody>\n<tr>\n<td width=\"100%\"><strong>Informativa Privacy Generale Mod. 1\/10 GIUGNO 2019 <\/strong>\u2013 Per qualsiasi informazioni e\/o esercizio dei diritti si contatti: <strong>info@studiozandegiacomo.it<\/strong><\/td>\n<\/tr>\n<tr>\n<td width=\"100%\">La presente informativa potr\u00e0 subire delle modifiche a seguito dell\u2019introduzione di nuove norme oppure a seguito di nuovi trattamenti che il Titolare del trattamento potrebbe porre in essere. La preghiamo pertanto di visitare periodicamente il sito web <a href=\"http:\/\/www.studiozandegiacomo.it\" target=\"_blank\">www.studiozandegiacomo.it<\/a> alla sezione \u201cInformativa generale privacy\u201d per gli aggiornamenti.<\/td>\n<\/tr>\n<\/tbody>\n<\/table>\n<p>&nbsp;<\/p>\n<table>\n<tbody>\n<tr>\n<td width=\"100%\"><strong>Presa visione informativa \u201cprivacy\u201d.<\/strong><\/p>\n<p>&nbsp;<\/p>\n<p>L\u2019interessato dichiara di aver preso visione dell\u2019informativa sulla protezione dei dati meglio precisata in epigrafe.<\/td>\n<td width=\"100%\">&nbsp;<\/p>\n<p>&nbsp;<\/p>\n<p>&nbsp;<\/p>\n<p>&nbsp;<\/p>\n<p>(Firma dell\u2019interessato)<\/td>\n<\/tr>\n<tr>\n<td width=\"100%\"><strong>Invio comunicazioni sui servizi svolti dal Titolare<\/strong><\/p>\n<p><strong>(c.d. marketing diretto)<\/strong><\/p>\n<p>L\u2019interessato dichiara di aver preso visione dell\u2019informativa sulla protezione dei dati meglio precisata in epigrafe e acconsente al trattamento dei propri dati per ricevere le comunicazioni pubblicitarie.<\/td>\n<td width=\"100%\">&nbsp;<\/p>\n<p>&nbsp;<\/p>\n<p>&nbsp;<\/p>\n<p>&nbsp;<\/p>\n<p>&nbsp;<\/p>\n<p><u>(Facoltativo:<\/u> firma per prestazione del consenso)<\/td>\n<\/tr>\n<\/tbody>\n<\/table>\n<p><strong>\u00a0<\/strong><\/p>\n<table>\n<tbody>\n<tr>\n<td width=\"100%\">Data 10 giugno 2019<\/p>\n<p>&nbsp;<\/td>\n<td width=\"100%\">Luogo Padova<\/td>\n<\/tr>\n<\/tbody>\n<\/table>\n<p>&nbsp;<\/p>\n<p>Ai sensi dell\u2019art. 130 comma 4 Codice della privacy, l\u2019interessato \u00e8 stato informato che potr\u00e0 ricevere dal presente Titolare delle comunicazione via email aventi ad oggetto servizi analoghi a quelli gi\u00e0 \u201cacquistati\u201d e che tali comunicazioni gli saranno inviate anche senza il suo preventivo consenso. <strong>Nel caso di mancato interesse rispetto al ricevimento di tali comunicazione, il Cliente potr\u00e0 fin da subito opporsi a tale trattamento (art. 21 GDPR).<\/strong><\/p>\n","protected":false},"excerpt":{"rendered":"<p>INFORMATIVA RELATIVA AL TRATTAMENTO DEI DATI PERSONALI &#8211; DELL\u2019INTERESSATO (ossia al titolare dei dati personali stessi) AI SENSI DELL\u2019ART. 13 DEL REGOLAMENTO (UE) 2016\/679 (\u201cGDPR\u201d). Informativa Privacy Generale Mod. 1\/10 GIUGNO 2019 \u2013 Per qualsiasi informazioni e\/o esercizio dei diritti si contatti: info@studiozandegiacomo.it La presente informativa potr\u00e0 subire delle modifiche a seguito dell\u2019introduzione di nuove [&hellip;]<\/p>\n","protected":false},"author":1,"featured_media":0,"parent":0,"menu_order":0,"comment_status":"closed","ping_status":"closed","template":"","meta":{"footnotes":""},"class_list":["post-772","page","type-page","status-publish","hentry"],"yoast_head":"<!-- This site is optimized with the Yoast SEO plugin v27.6 - https:\/\/yoast.com\/product\/yoast-seo-wordpress\/ -->\n<title>Privacy - Studio Zandegiacomo<\/title>\n<meta name=\"robots\" content=\"index, follow, max-snippet:-1, max-image-preview:large, max-video-preview:-1\" \/>\n<link rel=\"canonical\" href=\"https:\/\/www.studiozandegiacomo.it\/it\/privacy\/\" \/>\n<meta property=\"og:locale\" content=\"it_IT\" \/>\n<meta property=\"og:type\" content=\"article\" \/>\n<meta property=\"og:title\" content=\"Privacy - Studio Zandegiacomo\" \/>\n<meta property=\"og:description\" content=\"INFORMATIVA RELATIVA AL TRATTAMENTO DEI DATI PERSONALI &#8211; DELL\u2019INTERESSATO (ossia al titolare dei dati personali stessi) AI SENSI DELL\u2019ART. 13 DEL REGOLAMENTO (UE) 2016\/679 (\u201cGDPR\u201d). Informativa Privacy Generale Mod. 1\/10 GIUGNO 2019 \u2013 Per qualsiasi informazioni e\/o esercizio dei diritti si contatti: info@studiozandegiacomo.it La presente informativa potr\u00e0 subire delle modifiche a seguito dell\u2019introduzione di nuove [&hellip;]\" \/>\n<meta property=\"og:url\" content=\"https:\/\/www.studiozandegiacomo.it\/it\/privacy\/\" \/>\n<meta property=\"og:site_name\" content=\"Studio Zandegiacomo\" \/>\n<meta property=\"article:publisher\" content=\"https:\/\/www.facebook.com\/studiozandegiacomo\/\" \/>\n<meta property=\"article:modified_time\" content=\"2021-04-17T08:41:52+00:00\" \/>\n<meta name=\"twitter:card\" content=\"summary_large_image\" \/>\n<meta name=\"twitter:label1\" content=\"Tempo di lettura stimato\" \/>\n\t<meta name=\"twitter:data1\" content=\"17 minuti\" \/>\n<script type=\"application\/ld+json\" class=\"yoast-schema-graph\">{\"@context\":\"https:\\\/\\\/schema.org\",\"@graph\":[{\"@type\":\"WebPage\",\"@id\":\"https:\\\/\\\/www.studiozandegiacomo.it\\\/it\\\/privacy\\\/\",\"url\":\"https:\\\/\\\/www.studiozandegiacomo.it\\\/it\\\/privacy\\\/\",\"name\":\"Privacy - Studio Zandegiacomo\",\"isPartOf\":{\"@id\":\"https:\\\/\\\/www.studiozandegiacomo.it\\\/it\\\/#website\"},\"datePublished\":\"2015-09-14T10:51:09+00:00\",\"dateModified\":\"2021-04-17T08:41:52+00:00\",\"breadcrumb\":{\"@id\":\"https:\\\/\\\/www.studiozandegiacomo.it\\\/it\\\/privacy\\\/#breadcrumb\"},\"inLanguage\":\"it-IT\",\"potentialAction\":[{\"@type\":\"ReadAction\",\"target\":[\"https:\\\/\\\/www.studiozandegiacomo.it\\\/it\\\/privacy\\\/\"]}]},{\"@type\":\"BreadcrumbList\",\"@id\":\"https:\\\/\\\/www.studiozandegiacomo.it\\\/it\\\/privacy\\\/#breadcrumb\",\"itemListElement\":[{\"@type\":\"ListItem\",\"position\":1,\"name\":\"Home\",\"item\":\"https:\\\/\\\/www.studiozandegiacomo.it\\\/it\\\/\"},{\"@type\":\"ListItem\",\"position\":2,\"name\":\"Privacy\"}]},{\"@type\":\"WebSite\",\"@id\":\"https:\\\/\\\/www.studiozandegiacomo.it\\\/it\\\/#website\",\"url\":\"https:\\\/\\\/www.studiozandegiacomo.it\\\/it\\\/\",\"name\":\"Studio Zandegiacomo\",\"description\":\"\",\"publisher\":{\"@id\":\"https:\\\/\\\/www.studiozandegiacomo.it\\\/it\\\/#organization\"},\"potentialAction\":[{\"@type\":\"SearchAction\",\"target\":{\"@type\":\"EntryPoint\",\"urlTemplate\":\"https:\\\/\\\/www.studiozandegiacomo.it\\\/it\\\/?s={search_term_string}\"},\"query-input\":{\"@type\":\"PropertyValueSpecification\",\"valueRequired\":true,\"valueName\":\"search_term_string\"}}],\"inLanguage\":\"it-IT\"},{\"@type\":\"Organization\",\"@id\":\"https:\\\/\\\/www.studiozandegiacomo.it\\\/it\\\/#organization\",\"name\":\"Studio Zandegiacomo\",\"url\":\"https:\\\/\\\/www.studiozandegiacomo.it\\\/it\\\/\",\"logo\":{\"@type\":\"ImageObject\",\"inLanguage\":\"it-IT\",\"@id\":\"https:\\\/\\\/www.studiozandegiacomo.it\\\/it\\\/#\\\/schema\\\/logo\\\/image\\\/\",\"url\":\"https:\\\/\\\/www.studiozandegiacomo.it\\\/it\\\/wp-content\\\/uploads\\\/2015\\\/07\\\/logo-v4.png\",\"contentUrl\":\"https:\\\/\\\/www.studiozandegiacomo.it\\\/it\\\/wp-content\\\/uploads\\\/2015\\\/07\\\/logo-v4.png\",\"width\":313,\"height\":100,\"caption\":\"Studio Zandegiacomo\"},\"image\":{\"@id\":\"https:\\\/\\\/www.studiozandegiacomo.it\\\/it\\\/#\\\/schema\\\/logo\\\/image\\\/\"},\"sameAs\":[\"https:\\\/\\\/www.facebook.com\\\/studiozandegiacomo\\\/\",\"https:\\\/\\\/www.youtube.com\\\/channel\\\/UC7r_Z4stR1j9eg9wKbVyxXw\"]}]}<\/script>\n<!-- \/ Yoast SEO plugin. -->","yoast_head_json":{"title":"Privacy - Studio Zandegiacomo","robots":{"index":"index","follow":"follow","max-snippet":"max-snippet:-1","max-image-preview":"max-image-preview:large","max-video-preview":"max-video-preview:-1"},"canonical":"https:\/\/www.studiozandegiacomo.it\/it\/privacy\/","og_locale":"it_IT","og_type":"article","og_title":"Privacy - Studio Zandegiacomo","og_description":"INFORMATIVA RELATIVA AL TRATTAMENTO DEI DATI PERSONALI &#8211; DELL\u2019INTERESSATO (ossia al titolare dei dati personali stessi) AI SENSI DELL\u2019ART. 13 DEL REGOLAMENTO (UE) 2016\/679 (\u201cGDPR\u201d). Informativa Privacy Generale Mod. 1\/10 GIUGNO 2019 \u2013 Per qualsiasi informazioni e\/o esercizio dei diritti si contatti: info@studiozandegiacomo.it La presente informativa potr\u00e0 subire delle modifiche a seguito dell\u2019introduzione di nuove [&hellip;]","og_url":"https:\/\/www.studiozandegiacomo.it\/it\/privacy\/","og_site_name":"Studio Zandegiacomo","article_publisher":"https:\/\/www.facebook.com\/studiozandegiacomo\/","article_modified_time":"2021-04-17T08:41:52+00:00","twitter_card":"summary_large_image","twitter_misc":{"Tempo di lettura stimato":"17 minuti"},"schema":{"@context":"https:\/\/schema.org","@graph":[{"@type":"WebPage","@id":"https:\/\/www.studiozandegiacomo.it\/it\/privacy\/","url":"https:\/\/www.studiozandegiacomo.it\/it\/privacy\/","name":"Privacy - Studio Zandegiacomo","isPartOf":{"@id":"https:\/\/www.studiozandegiacomo.it\/it\/#website"},"datePublished":"2015-09-14T10:51:09+00:00","dateModified":"2021-04-17T08:41:52+00:00","breadcrumb":{"@id":"https:\/\/www.studiozandegiacomo.it\/it\/privacy\/#breadcrumb"},"inLanguage":"it-IT","potentialAction":[{"@type":"ReadAction","target":["https:\/\/www.studiozandegiacomo.it\/it\/privacy\/"]}]},{"@type":"BreadcrumbList","@id":"https:\/\/www.studiozandegiacomo.it\/it\/privacy\/#breadcrumb","itemListElement":[{"@type":"ListItem","position":1,"name":"Home","item":"https:\/\/www.studiozandegiacomo.it\/it\/"},{"@type":"ListItem","position":2,"name":"Privacy"}]},{"@type":"WebSite","@id":"https:\/\/www.studiozandegiacomo.it\/it\/#website","url":"https:\/\/www.studiozandegiacomo.it\/it\/","name":"Studio Zandegiacomo","description":"","publisher":{"@id":"https:\/\/www.studiozandegiacomo.it\/it\/#organization"},"potentialAction":[{"@type":"SearchAction","target":{"@type":"EntryPoint","urlTemplate":"https:\/\/www.studiozandegiacomo.it\/it\/?s={search_term_string}"},"query-input":{"@type":"PropertyValueSpecification","valueRequired":true,"valueName":"search_term_string"}}],"inLanguage":"it-IT"},{"@type":"Organization","@id":"https:\/\/www.studiozandegiacomo.it\/it\/#organization","name":"Studio Zandegiacomo","url":"https:\/\/www.studiozandegiacomo.it\/it\/","logo":{"@type":"ImageObject","inLanguage":"it-IT","@id":"https:\/\/www.studiozandegiacomo.it\/it\/#\/schema\/logo\/image\/","url":"https:\/\/www.studiozandegiacomo.it\/it\/wp-content\/uploads\/2015\/07\/logo-v4.png","contentUrl":"https:\/\/www.studiozandegiacomo.it\/it\/wp-content\/uploads\/2015\/07\/logo-v4.png","width":313,"height":100,"caption":"Studio Zandegiacomo"},"image":{"@id":"https:\/\/www.studiozandegiacomo.it\/it\/#\/schema\/logo\/image\/"},"sameAs":["https:\/\/www.facebook.com\/studiozandegiacomo\/","https:\/\/www.youtube.com\/channel\/UC7r_Z4stR1j9eg9wKbVyxXw"]}]}},"_links":{"self":[{"href":"https:\/\/www.studiozandegiacomo.it\/it\/wp-json\/wp\/v2\/pages\/772","targetHints":{"allow":["GET"]}}],"collection":[{"href":"https:\/\/www.studiozandegiacomo.it\/it\/wp-json\/wp\/v2\/pages"}],"about":[{"href":"https:\/\/www.studiozandegiacomo.it\/it\/wp-json\/wp\/v2\/types\/page"}],"author":[{"embeddable":true,"href":"https:\/\/www.studiozandegiacomo.it\/it\/wp-json\/wp\/v2\/users\/1"}],"replies":[{"embeddable":true,"href":"https:\/\/www.studiozandegiacomo.it\/it\/wp-json\/wp\/v2\/comments?post=772"}],"version-history":[{"count":24,"href":"https:\/\/www.studiozandegiacomo.it\/it\/wp-json\/wp\/v2\/pages\/772\/revisions"}],"predecessor-version":[{"id":1102,"href":"https:\/\/www.studiozandegiacomo.it\/it\/wp-json\/wp\/v2\/pages\/772\/revisions\/1102"}],"wp:attachment":[{"href":"https:\/\/www.studiozandegiacomo.it\/it\/wp-json\/wp\/v2\/media?parent=772"}],"curies":[{"name":"wp","href":"https:\/\/api.w.org\/{rel}","templated":true}]}}